{"id":841,"date":"2025-11-04T04:43:30","date_gmt":"2025-11-04T04:43:30","guid":{"rendered":"https:\/\/conservatoriodemusicadgo.com\/?page_id=841"},"modified":"2026-04-29T21:27:50","modified_gmt":"2026-04-29T21:27:50","slug":"841-2","status":"publish","type":"page","link":"https:\/\/conservatoriodemusicadgo.com\/en\/841-2\/","title":{"rendered":"OSINJUVE"},"content":{"rendered":"\n<h2 class=\"wp-block-heading\"><\/h2>\n\n\n\n<div class=\"wp-block-getwid-media-text-slider alignfull wp-block-getwid-media-text-slider--current-slide-1 has-arrows-outside has-dots-outside\" data-labels=\"[&quot;Osinjuve&quot;,&quot;Durango&quot;,&quot;Torre\u00f3n&quot;]\" data-animation=\"fadeIn\" data-duration=\"1500ms\" data-delay=\"0ms\"><div class=\"wp-block-getwid-media-text-slider__slides-wrapper\"><div class=\"wp-block-getwid-media-text-slider__content\" data-slide-autoplay=\"false\" data-slide-pause-on-hover=\"true\" data-slide-autoplay-speed=\"5000\" data-slide-speed=\"1000\" data-infinite=\"true\">\n<div class=\"wp-block-getwid-media-text-slider-slide wp-block-getwid-media-text-slider-slide__content-wrapper slide-1\"><div class=\"wp-block-getwid-media-text-slider-slide__content\">\n<div class=\"wp-block-getwid-media-text-slider-slide-content\"><figure class=\"wp-block-getwid-media-text-slider-slide-content__media\"><img loading=\"lazy\" decoding=\"async\" width=\"2560\" height=\"1920\" src=\"https:\/\/conservatoriodemusicadgo.com\/wp-content\/uploads\/2026\/01\/2e2ec1fc-b0d4-43c0-a2c5-eb65f068d5a4-scaled.jpg\" alt=\"\" class=\"wp-block-getwid-media-text-slider-slide-content__image wp-image-934\" srcset=\"https:\/\/conservatoriodemusicadgo.com\/wp-content\/uploads\/2026\/01\/2e2ec1fc-b0d4-43c0-a2c5-eb65f068d5a4-scaled.jpg 2560w, https:\/\/conservatoriodemusicadgo.com\/wp-content\/uploads\/2026\/01\/2e2ec1fc-b0d4-43c0-a2c5-eb65f068d5a4-300x225.jpg 300w, https:\/\/conservatoriodemusicadgo.com\/wp-content\/uploads\/2026\/01\/2e2ec1fc-b0d4-43c0-a2c5-eb65f068d5a4-1024x768.jpg 1024w, https:\/\/conservatoriodemusicadgo.com\/wp-content\/uploads\/2026\/01\/2e2ec1fc-b0d4-43c0-a2c5-eb65f068d5a4-768x576.jpg 768w, https:\/\/conservatoriodemusicadgo.com\/wp-content\/uploads\/2026\/01\/2e2ec1fc-b0d4-43c0-a2c5-eb65f068d5a4-1536x1152.jpg 1536w, https:\/\/conservatoriodemusicadgo.com\/wp-content\/uploads\/2026\/01\/2e2ec1fc-b0d4-43c0-a2c5-eb65f068d5a4-2048x1536.jpg 2048w, https:\/\/conservatoriodemusicadgo.com\/wp-content\/uploads\/2026\/01\/2e2ec1fc-b0d4-43c0-a2c5-eb65f068d5a4-16x12.jpg 16w\" sizes=\"auto, (max-width: 2560px) 100vw, 2560px\" \/><div class=\"wp-block-getwid-media-text-slider-slide-content__media-overlay\" style=\"opacity:0.3\"><\/div><\/figure><div class=\"wp-block-getwid-media-text-slider-slide-content__content\"><div class=\"wp-block-getwid-media-text-slider-slide-content__content-wrapper\">\n<h1 class=\"wp-block-heading has-text-align-center\">OSINJUVE<\/h1>\n\n\n\n<p class=\"has-text-align-center wp-block-paragraph\">2026<\/p>\n<\/div><\/div><\/div>\n<\/div><\/div>\n\n\n\n<div class=\"wp-block-getwid-media-text-slider-slide wp-block-getwid-media-text-slider-slide__content-wrapper slide-2\"><div class=\"wp-block-getwid-media-text-slider-slide__content\">\n<div class=\"wp-block-getwid-media-text-slider-slide-content\"><figure class=\"wp-block-getwid-media-text-slider-slide-content__media\"><img loading=\"lazy\" decoding=\"async\" width=\"1536\" height=\"2048\" src=\"https:\/\/conservatoriodemusicadgo.com\/wp-content\/uploads\/2026\/01\/9636f6ef-6deb-4753-b57c-66d0e2e21188.jpg\" alt=\"\" class=\"wp-block-getwid-media-text-slider-slide-content__image wp-image-936\" srcset=\"https:\/\/conservatoriodemusicadgo.com\/wp-content\/uploads\/2026\/01\/9636f6ef-6deb-4753-b57c-66d0e2e21188.jpg 1536w, https:\/\/conservatoriodemusicadgo.com\/wp-content\/uploads\/2026\/01\/9636f6ef-6deb-4753-b57c-66d0e2e21188-225x300.jpg 225w, https:\/\/conservatoriodemusicadgo.com\/wp-content\/uploads\/2026\/01\/9636f6ef-6deb-4753-b57c-66d0e2e21188-768x1024.jpg 768w, https:\/\/conservatoriodemusicadgo.com\/wp-content\/uploads\/2026\/01\/9636f6ef-6deb-4753-b57c-66d0e2e21188-1152x1536.jpg 1152w, https:\/\/conservatoriodemusicadgo.com\/wp-content\/uploads\/2026\/01\/9636f6ef-6deb-4753-b57c-66d0e2e21188-9x12.jpg 9w\" sizes=\"auto, (max-width: 1536px) 100vw, 1536px\" \/><div class=\"wp-block-getwid-media-text-slider-slide-content__media-overlay\" style=\"opacity:0.3\"><\/div><\/figure><div class=\"wp-block-getwid-media-text-slider-slide-content__content\"><div class=\"wp-block-getwid-media-text-slider-slide-content__content-wrapper\">\n<h2 class=\"wp-block-heading\"><\/h2>\n\n\n\n<p class=\"wp-block-paragraph\"><\/p>\n<\/div><\/div><\/div>\n<\/div><\/div>\n\n\n\n<div class=\"wp-block-getwid-media-text-slider-slide wp-block-getwid-media-text-slider-slide__content-wrapper slide-3\"><div class=\"wp-block-getwid-media-text-slider-slide__content\">\n<div class=\"wp-block-getwid-media-text-slider-slide-content\"><figure class=\"wp-block-getwid-media-text-slider-slide-content__media\"><img loading=\"lazy\" decoding=\"async\" width=\"2048\" height=\"1366\" src=\"https:\/\/conservatoriodemusicadgo.com\/wp-content\/uploads\/2026\/01\/IMG_1032.jpg\" alt=\"\" class=\"wp-block-getwid-media-text-slider-slide-content__image wp-image-937\" srcset=\"https:\/\/conservatoriodemusicadgo.com\/wp-content\/uploads\/2026\/01\/IMG_1032.jpg 2048w, https:\/\/conservatoriodemusicadgo.com\/wp-content\/uploads\/2026\/01\/IMG_1032-300x200.jpg 300w, https:\/\/conservatoriodemusicadgo.com\/wp-content\/uploads\/2026\/01\/IMG_1032-1024x683.jpg 1024w, https:\/\/conservatoriodemusicadgo.com\/wp-content\/uploads\/2026\/01\/IMG_1032-768x512.jpg 768w, https:\/\/conservatoriodemusicadgo.com\/wp-content\/uploads\/2026\/01\/IMG_1032-1536x1025.jpg 1536w, https:\/\/conservatoriodemusicadgo.com\/wp-content\/uploads\/2026\/01\/IMG_1032-18x12.jpg 18w\" sizes=\"auto, (max-width: 2048px) 100vw, 2048px\" \/><div class=\"wp-block-getwid-media-text-slider-slide-content__media-overlay\" style=\"opacity:0.3\"><\/div><\/figure><div class=\"wp-block-getwid-media-text-slider-slide-content__content\"><div class=\"wp-block-getwid-media-text-slider-slide-content__content-wrapper\">\n<h2 class=\"wp-block-heading\"><\/h2>\n\n\n\n<p class=\"wp-block-paragraph\"><\/p>\n<\/div><\/div><\/div>\n<\/div><\/div>\n<\/div><\/div><\/div>\n\n\n\n<div class=\"wp-block-media-text alignwide has-media-on-the-right is-stacked-on-mobile is-vertically-aligned-center\" style=\"grid-template-columns:auto 45%\"><div class=\"wp-block-media-text__content\">\n<h2 class=\"wp-block-heading\"><strong><strong>ORQUESTA SINF\u00d3NICA NACIONAL JUVENIL DE M\u00c9XICO (OSINJUVE)<\/strong><\/strong><\/h2>\n\n\n\n<p class=\"wp-block-paragraph\"><strong>Academia y gira orquestal<\/strong><\/p>\n\n\n\n<p class=\"wp-block-paragraph\">La Orquesta Sinf\u00f3nica Nacional Juvenil de M\u00e9xico (OSINJUVE) es una agrupaci\u00f3n nacional que tiene su base en el Conservatorio de M\u00fasica de Durango, organismo desconcentrado de la Secretar\u00eda de Educaci\u00f3n del Estado de Durango, auspiciada por la Secretar\u00eda de Educaci\u00f3n P\u00fablica de M\u00e9xico.<\/p>\n\n\n\n<p class=\"wp-block-paragraph\">El objetivo de este programa es brindar a j\u00f3venes instrumentistas mexicanos de alto rendimiento la oportunidad de desempe\u00f1arse en entornos orquestales de alto nivel profesional, colaborando con destacados maestros y solistas internacionales.<\/p>\n\n\n\n<p class=\"wp-block-paragraph\">El programa opera por temporadas: se selecciona a los j\u00f3venes m\u00e1s destacados mediante convocatoria y audici\u00f3n, quienes se reunen en el Conservatorio de M\u00fasica de Durango para preparar un programa espec\u00edfico bajo la gu\u00eda de destacados maestros, y realizan giras de conciertos por diferentes ciudades de la Rep\u00fablica Mexicana.<\/p>\n\n\n\n<p class=\"wp-block-paragraph\"><\/p>\n\n\n\n<p class=\"wp-block-paragraph\"><\/p>\n<\/div><figure class=\"wp-block-media-text__media\"><img decoding=\"async\" src=\"https:\/\/conservatoriodemusicadgo.com\/wp-content\/uploads\/2026\/01\/2e3bff9e-7d75-4572-88fb-c08b91f2667c-4.jpg\" alt=\"\" class=\"wp-image-969 size-full\"\/><\/figure><\/div>\n\n\n\n<div class=\"wp-block-media-text alignwide is-stacked-on-mobile\" style=\"grid-template-columns:45% auto\"><figure class=\"wp-block-media-text__media\"><img loading=\"lazy\" decoding=\"async\" width=\"1024\" height=\"820\" src=\"https:\/\/conservatoriodemusicadgo.com\/wp-content\/uploads\/2026\/01\/7927cc22-0165-45d9-86c5-581c39adce27-2-1024x820.jpg\" alt=\"\" class=\"wp-image-954 size-full\" srcset=\"https:\/\/conservatoriodemusicadgo.com\/wp-content\/uploads\/2026\/01\/7927cc22-0165-45d9-86c5-581c39adce27-2-1024x820.jpg 1024w, https:\/\/conservatoriodemusicadgo.com\/wp-content\/uploads\/2026\/01\/7927cc22-0165-45d9-86c5-581c39adce27-2-300x240.jpg 300w, https:\/\/conservatoriodemusicadgo.com\/wp-content\/uploads\/2026\/01\/7927cc22-0165-45d9-86c5-581c39adce27-2-768x615.jpg 768w, https:\/\/conservatoriodemusicadgo.com\/wp-content\/uploads\/2026\/01\/7927cc22-0165-45d9-86c5-581c39adce27-2-1536x1230.jpg 1536w\" sizes=\"auto, (max-width: 1024px) 100vw, 1024px\" \/><\/figure><div class=\"wp-block-media-text__content\">\n<p class=\"wp-block-paragraph\">Las primeras dos ediciones se realizaron en enero y abril de 2026, respectivamente, bajo la direcci\u00f3n del Maestro Toly Zatin (director titular de la OSINJUVE), con la participaci\u00f3n del sensacional pianista chino Niu Niu, considerado como uno de los mejores m\u00fasicos juveniles en la actualidad. Todos los conciertos contaron con lleno total, as\u00ed como ovaciones de pie por parte del p\u00fablico.<\/p>\n\n\n\n<p class=\"wp-block-paragraph\">La orquesta se caracteriza por su alto nivel de calidad, interpretando repertorio de las grandes orquestas a nivel mundial. El formato de sus conciertos se distingue por un toque de calidez humana: el p\u00fablico cuenta con el acompa\u00f1amiento experto de la gu\u00eda musical, la Maestra Vlada Zatine, quien introduce el concepto general del programa, s\u00ed como cada una de las obras que lo integran. As\u00ed, la OSINJUVE es un mecanismo educativo, tanto para sus integrantes como para sus espectadores.<\/p>\n<\/div><\/div>\n\n\n\n<div class=\"wp-block-media-text alignwide has-media-on-the-right is-stacked-on-mobile is-vertically-aligned-center\" style=\"grid-template-columns:auto 45%\"><div class=\"wp-block-media-text__content\">\n<p class=\"wp-block-paragraph\"><\/p>\n\n\n\n<h3 class=\"wp-block-heading\"><strong>Primera edici\u00f3n: enero 2026<\/strong><\/h3>\n\n\n\n<p class=\"wp-block-paragraph\">En la primera edici\u00f3n de esta orquesta (enero 2026), participaron 72 j\u00f3venes provenientes de 24 estados del pa\u00eds, seleccionados entre m\u00e1s de 200 aspirantes, por comit\u00e9s especializados en cada una de las secciones de la orquesta.<\/p>\n\n\n\n<p class=\"wp-block-paragraph\">Reunidos durante una semana en las instalaciones del Conservatorio de M\u00fasica de Durango, los integrantes de la OSINJUVE trabajaron por secciones bajo la gu\u00eda de los Maestros Tutores de la OSINJUVE, reconocidos m\u00fasicos con vasta experiencia en el \u00e1mbito musical: Iv\u00e1n P\u00e9rez (viol\u00edn), Omar del \u00c1ngel (viola), Vanessa Ascanio (violonchelo), Gabriela Vidal (contrabajo), Ely Molletones (oboe), Adrian Griffin (trompeta) y Francisco Arroyo (percusiones), adem\u00e1s de la participaci\u00f3n de la arpista invitada Emilia Barrag\u00e1n. Durante este tiempo, adem\u00e1s de perfeccionar sus habilidades como ejecutantes, prepararon un programa orquestal de concierto con obras maestras de la m\u00fasica sinf\u00f3nica universal, bajo la batuta del reconocido maestro Anatoly \u201cToly\u201d Zatin. Destac\u00f3 la participaci\u00f3n como solista en este programa del sensacional pianista chino Niu Niu, considerado uno de los mejores m\u00fasicos juveniles de la actualidad.<\/p>\n<\/div><figure class=\"wp-block-media-text__media\"><img loading=\"lazy\" decoding=\"async\" width=\"1024\" height=\"806\" src=\"https:\/\/conservatoriodemusicadgo.com\/wp-content\/uploads\/2026\/01\/3812cdd3-cc09-45ea-947c-673536d6e829-4-1-1024x806.jpg\" alt=\"\" class=\"wp-image-962 size-full\" srcset=\"https:\/\/conservatoriodemusicadgo.com\/wp-content\/uploads\/2026\/01\/3812cdd3-cc09-45ea-947c-673536d6e829-4-1-1024x806.jpg 1024w, https:\/\/conservatoriodemusicadgo.com\/wp-content\/uploads\/2026\/01\/3812cdd3-cc09-45ea-947c-673536d6e829-4-1-300x236.jpg 300w, https:\/\/conservatoriodemusicadgo.com\/wp-content\/uploads\/2026\/01\/3812cdd3-cc09-45ea-947c-673536d6e829-4-1-768x605.jpg 768w, https:\/\/conservatoriodemusicadgo.com\/wp-content\/uploads\/2026\/01\/3812cdd3-cc09-45ea-947c-673536d6e829-4-1-1536x1209.jpg 1536w\" sizes=\"auto, (max-width: 1024px) 100vw, 1024px\" \/><\/figure><\/div>\n\n\n\n<div class=\"wp-block-media-text alignwide is-stacked-on-mobile is-vertically-aligned-center\" style=\"grid-template-columns:45% auto\"><figure class=\"wp-block-media-text__media\"><img loading=\"lazy\" decoding=\"async\" width=\"1024\" height=\"894\" src=\"https:\/\/conservatoriodemusicadgo.com\/wp-content\/uploads\/2026\/01\/IMG_1037-1024x894.jpg\" alt=\"\" class=\"wp-image-956 size-full\" srcset=\"https:\/\/conservatoriodemusicadgo.com\/wp-content\/uploads\/2026\/01\/IMG_1037-1024x894.jpg 1024w, https:\/\/conservatoriodemusicadgo.com\/wp-content\/uploads\/2026\/01\/IMG_1037-300x262.jpg 300w, https:\/\/conservatoriodemusicadgo.com\/wp-content\/uploads\/2026\/01\/IMG_1037-768x670.jpg 768w, https:\/\/conservatoriodemusicadgo.com\/wp-content\/uploads\/2026\/01\/IMG_1037-1536x1341.jpg 1536w, https:\/\/conservatoriodemusicadgo.com\/wp-content\/uploads\/2026\/01\/IMG_1037-14x12.jpg 14w, https:\/\/conservatoriodemusicadgo.com\/wp-content\/uploads\/2026\/01\/IMG_1037.jpg 1564w\" sizes=\"auto, (max-width: 1024px) 100vw, 1024px\" \/><\/figure><div class=\"wp-block-media-text__content\">\n<p class=\"wp-block-paragraph\">El s\u00e1bado 17 de enero, el concierto de la OSINJUVE se repiti\u00f3 en la ciudad de Torre\u00f3n, Coahuila, en el bello Teatro Isauro Mart\u00ednez. Esta presentaci\u00f3n fue realizada con el auspicio de Fundaci\u00f3n Lala, el Revolucionario Ayuntamiento de Torre\u00f3n, y el Instituto Municipal de Cultura y Educaci\u00f3n. El inter\u00e9s que gener\u00f3 este concierto super\u00f3 la propia capacidad del teatro, dejando a varias personas afuera. Al igual que la noche anterior, el public\u00f3 aplaudi\u00f3 euf\u00f3ricamente las interpretaciones, tanto de la orquesta en la primera parte del programa, como el concierto no.1 de P. Tchaikovsky con el solista Niu Niu en la segunda, adem\u00e1s de los varios encores.<\/p>\n\n\n\n<p class=\"wp-block-paragraph\">El tercer concierto de esta gira nacional transcurri\u00f3 con \u00e9xito en la ciudad de Colima, capital del estado hom\u00f3nimo, el lunes 19 de enero. En esta ocasi\u00f3n, el escenario fue el bello Teatro Hidalgo, una joya arquitect\u00f3nica de finales del siglo XIX. Este concierto fue auspiciado por la Senadora Ana Karen Hern\u00e1ndez, y el Secretario de Educaci\u00f3n del Estado de Colima, el prof. Adolfo N\u00fa\u00f1ez Gonz\u00e1lez.<\/p>\n<\/div><\/div>\n\n\n\n<div class=\"wp-block-media-text alignwide has-media-on-the-right is-stacked-on-mobile is-vertically-aligned-center\" style=\"grid-template-columns:auto 45%\"><div class=\"wp-block-media-text__content\">\n<p class=\"wp-block-paragraph\">El cuarto concierto de la gira tuvo como escenario el bello Teatro Degollado de la ciudad de Guadalajara, el mi\u00e9rcoles 21 de enero; finalizando el s\u00e1bado 24 de enero en el Auditorio Blas Galindo del Centro Nacional de las Artes (CENART) de la CDMX. Todos los conciertos de esta primera gira tuvieron un lleno total, en ocasiones superando la capacidad de los foros.<\/p>\n\n\n\n<p class=\"wp-block-paragraph\">Durante esta gira, los j\u00f3venes integrantes de la OSINJUVE, los maestros tutores, quienes tambi\u00e9n se integran como ejecutantes en los conciertos, las autoridades organizadoras, y el propio p\u00fablico, han expresado comentarios de admiraci\u00f3n por el alto nivel de calidad de los conciertos, as\u00ed como por esta iniciativa del Gobierno del Estado de Durango liderado por el Dr. Esteban Villegas Villareal, destacando su impulso a las bellas artes como parte esencial de la educaci\u00f3n y formaci\u00f3n integral del ser humano.<\/p>\n<\/div><figure class=\"wp-block-media-text__media\"><img loading=\"lazy\" decoding=\"async\" width=\"1024\" height=\"683\" src=\"https:\/\/conservatoriodemusicadgo.com\/wp-content\/uploads\/2026\/01\/IMG_1033-1024x683.jpg\" alt=\"\" class=\"wp-image-938 size-full\" srcset=\"https:\/\/conservatoriodemusicadgo.com\/wp-content\/uploads\/2026\/01\/IMG_1033-1024x683.jpg 1024w, https:\/\/conservatoriodemusicadgo.com\/wp-content\/uploads\/2026\/01\/IMG_1033-300x200.jpg 300w, https:\/\/conservatoriodemusicadgo.com\/wp-content\/uploads\/2026\/01\/IMG_1033-768x512.jpg 768w, https:\/\/conservatoriodemusicadgo.com\/wp-content\/uploads\/2026\/01\/IMG_1033-1536x1025.jpg 1536w, https:\/\/conservatoriodemusicadgo.com\/wp-content\/uploads\/2026\/01\/IMG_1033-18x12.jpg 18w, https:\/\/conservatoriodemusicadgo.com\/wp-content\/uploads\/2026\/01\/IMG_1033.jpg 2048w\" sizes=\"auto, (max-width: 1024px) 100vw, 1024px\" \/><\/figure><\/div>\n\n\n\n<div class=\"wp-block-media-text alignwide is-stacked-on-mobile is-vertically-aligned-center\" style=\"grid-template-columns:45% auto\"><figure class=\"wp-block-media-text__media\"><img loading=\"lazy\" decoding=\"async\" width=\"1024\" height=\"820\" src=\"https:\/\/conservatoriodemusicadgo.com\/wp-content\/uploads\/2026\/01\/7927cc22-0165-45d9-86c5-581c39adce27-2-1024x820.jpg\" alt=\"\" class=\"wp-image-954 size-full\" srcset=\"https:\/\/conservatoriodemusicadgo.com\/wp-content\/uploads\/2026\/01\/7927cc22-0165-45d9-86c5-581c39adce27-2-1024x820.jpg 1024w, https:\/\/conservatoriodemusicadgo.com\/wp-content\/uploads\/2026\/01\/7927cc22-0165-45d9-86c5-581c39adce27-2-300x240.jpg 300w, https:\/\/conservatoriodemusicadgo.com\/wp-content\/uploads\/2026\/01\/7927cc22-0165-45d9-86c5-581c39adce27-2-768x615.jpg 768w, https:\/\/conservatoriodemusicadgo.com\/wp-content\/uploads\/2026\/01\/7927cc22-0165-45d9-86c5-581c39adce27-2-1536x1230.jpg 1536w\" sizes=\"auto, (max-width: 1024px) 100vw, 1024px\" \/><\/figure><div class=\"wp-block-media-text__content\">\n<p class=\"wp-block-paragraph\"><\/p>\n\n\n\n<h3 class=\"wp-block-heading\">Segunda edici\u00f3n: abril 2026<\/h3>\n\n\n\n<p class=\"wp-block-paragraph\">Tras el \u00e9xito de la primera edici\u00f3n de la OSINJUVE, que super\u00f3 todas las expectativas, se recibieron solicitudes de varios otros estados, interesados en presentar un concierto de esta orquesta. As\u00ed, la segunda gira se llev\u00f3 a cabo entre el 8 y el 14 de abril, con presentaciones en: Durango capital, en el marco del Festival de la Ciudad Ricardo Castro (Teatro Ricardo Castro); Torre\u00f3n, Coahuila (Teatro Isauro Mart\u00ednez); Pachuca, Hidalgo (Auditorio Gota de Plata); CDMX (El Cantoral), y San Luis Potos\u00ed (Teatro de la Paz). El programa, ligeramente modificado respecto a la primera edici\u00f3n, incluy\u00f3 la obertura Los Maestros Cantores de N\u00faremberg, de Richard Wagner, as\u00ed como la Obertura-Fantas\u00eda Romeo y Julieta, de P. I. Tchaikovsky, ambas obras de gran complejidad orquestal. Asimismo, se repiti\u00f3 el Concierto No.1 para piano y orquesta de Tchaikovsky con Niu Niu como solista, y adem\u00e1s se incluy\u00f3 una obra para viol\u00edn solista y orquesta: el concierto \u201cLos Amantes Mariposa\u201d de los compositores chinos He Zhanhao y Chen Gang, tambi\u00e9n interpretado por Niu Niu al viol\u00edn, generando asombro por tan inesperada faceta.<\/p>\n\n\n\n<p class=\"wp-block-paragraph\"><\/p>\n<\/div><\/div>\n\n\n\n<h3 class=\"wp-block-heading alignwide has-text-align-center\"><strong>La Orquesta Sinf\u00f3nica Nacional Juvenil de M\u00e9xico se perfila como la agrupaci\u00f3n juvenil m\u00e1s representativa de M\u00e9xico en el g\u00e9nero de la m\u00fasica acad\u00e9mica, revelando el gran potencial de los j\u00f3venes mexicanos en el panorama mundial.<\/strong><\/h3>\n\n\n\n<div class=\"wp-block-media-text is-stacked-on-mobile\"><figure class=\"wp-block-media-text__media\"><\/figure><div class=\"wp-block-media-text__content\">\n<p class=\"wp-block-paragraph\"><\/p>\n<\/div><\/div>\n\n\n\n<p class=\"wp-block-paragraph\"><\/p>\n\n\n\n<div class=\"wp-block-media-text is-stacked-on-mobile\"><figure class=\"wp-block-media-text__media\"><\/figure><div class=\"wp-block-media-text__content\">\n<p class=\"wp-block-paragraph\"><\/p>\n\n\n\n<h2 class=\"wp-block-heading\"><\/h2>\n<\/div><\/div>\n\n\n\n<div class=\"wp-block-media-text is-stacked-on-mobile\"><figure class=\"wp-block-media-text__media\"><\/figure><div class=\"wp-block-media-text__content\">\n<p class=\"wp-block-paragraph\"><\/p>\n<\/div><\/div>\n","protected":false},"excerpt":{"rendered":"<p>ORQUESTA SINF\u00d3NICA NACIONAL JUVENIL DE M\u00c9XICO (OSINJUVE) Academia y gira orquestal La Orquesta Sinf\u00f3nica Nacional Juvenil de M\u00e9xico (OSINJUVE) es una agrupaci\u00f3n nacional que tiene su base en el Conservatorio [&hellip;]<\/p>\n","protected":false},"author":1,"featured_media":0,"parent":0,"menu_order":0,"comment_status":"closed","ping_status":"closed","template":"","meta":{"inline_featured_image":false,"_EventAllDay":false,"_EventTimezone":"","_EventStartDate":"","_EventEndDate":"","_EventStartDateUTC":"","_EventEndDateUTC":"","_EventShowMap":false,"_EventShowMapLink":false,"_EventURL":"","_EventCost":"","_EventCostDescription":"","_EventCurrencySymbol":"","_EventCurrencyCode":"","_EventCurrencyPosition":"","_EventDateTimeSeparator":"","_EventTimeRangeSeparator":"","_EventOrganizerID":[],"_EventVenueID":[],"_OrganizerEmail":"","_OrganizerPhone":"","_OrganizerWebsite":"","_VenueAddress":"","_VenueCity":"","_VenueCountry":"","_VenueProvince":"","_VenueState":"","_VenueZip":"","_VenuePhone":"","_VenueURL":"","_VenueStateProvince":"","_VenueLat":"","_VenueLng":"","_VenueShowMap":false,"_VenueShowMapLink":false,"footnotes":""},"class_list":["post-841","page","type-page","status-publish","hentry"],"_links":{"self":[{"href":"https:\/\/conservatoriodemusicadgo.com\/en\/wp-json\/wp\/v2\/pages\/841","targetHints":{"allow":["GET"]}}],"collection":[{"href":"https:\/\/conservatoriodemusicadgo.com\/en\/wp-json\/wp\/v2\/pages"}],"about":[{"href":"https:\/\/conservatoriodemusicadgo.com\/en\/wp-json\/wp\/v2\/types\/page"}],"author":[{"embeddable":true,"href":"https:\/\/conservatoriodemusicadgo.com\/en\/wp-json\/wp\/v2\/users\/1"}],"replies":[{"embeddable":true,"href":"https:\/\/conservatoriodemusicadgo.com\/en\/wp-json\/wp\/v2\/comments?post=841"}],"version-history":[{"count":40,"href":"https:\/\/conservatoriodemusicadgo.com\/en\/wp-json\/wp\/v2\/pages\/841\/revisions"}],"predecessor-version":[{"id":1076,"href":"https:\/\/conservatoriodemusicadgo.com\/en\/wp-json\/wp\/v2\/pages\/841\/revisions\/1076"}],"wp:attachment":[{"href":"https:\/\/conservatoriodemusicadgo.com\/en\/wp-json\/wp\/v2\/media?parent=841"}],"curies":[{"name":"wp","href":"https:\/\/api.w.org\/{rel}","templated":true}]}}